{"id":10013,"date":"2017-07-03T15:26:24","date_gmt":"2017-07-03T15:26:24","guid":{"rendered":"https:\/\/datacolchannel.es\/sobre-nossos-colegas\/"},"modified":"2022-07-02T05:51:21","modified_gmt":"2022-07-02T05:51:21","slug":"sobre-nossos-colegas","status":"publish","type":"page","link":"https:\/\/datacolchannel.es\/pt-pt\/sobre-nossos-colegas\/","title":{"rendered":"Sobre nossos Colegas"},"content":{"rendered":"<div class=\"fusion-fullwidth fullwidth-box fusion-builder-row-1 fusion-flex-container nonhundred-percent-fullwidth non-hundred-percent-height-scrolling\" style=\"--awb-border-sizes-top:0px;--awb-border-sizes-bottom:0px;--awb-border-sizes-left:0px;--awb-border-sizes-right:0px;--awb-border-color:#ffffff;--awb-border-radius-top-left:0px;--awb-border-radius-top-right:0px;--awb-border-radius-bottom-right:0px;--awb-border-radius-bottom-left:0px;--awb-padding-right:10%;--awb-padding-left:10%;\" ><div class=\"fusion-builder-row fusion-row fusion-flex-align-items-flex-start\" style=\"max-width:93.6%;margin-left: calc(-4% \/ 2 );margin-right: calc(-4% \/ 2 );\"><div class=\"fusion-layout-column fusion_builder_column fusion-builder-column-0 fusion_builder_column_2_3 2_3 fusion-flex-column\" style=\"--awb-bg-size:cover;--awb-width-large:66.666666666667%;--awb-margin-top-large:0px;--awb-spacing-right-large:2.88%;--awb-margin-bottom-large:20px;--awb-spacing-left-large:2.88%;--awb-width-medium:66.666666666667%;--awb-spacing-right-medium:2.88%;--awb-spacing-left-medium:2.88%;--awb-width-small:100%;--awb-spacing-right-small:1.92%;--awb-spacing-left-small:1.92%;\"><div class=\"fusion-column-wrapper fusion-flex-justify-content-flex-start fusion-content-layout-column\"><div class=\"fusion-text fusion-text-1\"><h1 style=\"font-size: 500%;\">Sobre nossos Colegas<\/h1>\n<\/div><div class=\"fusion-text fusion-text-2\"><h2>Conhe\u00e7a melhor seus <strong>colegas<\/strong><\/h2>\n<\/div><div class=\"fusion-separator\" style=\"align-self: flex-start;margin-right:auto;margin-top:20px;margin-bottom:20px;width:100%;max-width:50%;\"><div class=\"fusion-separator-border sep-single sep-solid\" style=\"--awb-height:20px;--awb-amount:20px;--awb-sep-color:#b11a33;border-color:#b11a33;border-top-width:3px;\"><\/div><\/div><\/div><\/div><div class=\"fusion-layout-column fusion_builder_column fusion-builder-column-1 fusion_builder_column_1_3 1_3 fusion-flex-column\" style=\"--awb-bg-size:cover;--awb-width-large:33.333333333333%;--awb-margin-top-large:75px;--awb-spacing-right-large:5.76%;--awb-margin-bottom-large:75px;--awb-spacing-left-large:5.76%;--awb-width-medium:33.333333333333%;--awb-spacing-right-medium:5.76%;--awb-spacing-left-medium:5.76%;--awb-width-small:100%;--awb-spacing-right-small:1.92%;--awb-spacing-left-small:1.92%;\"><div class=\"fusion-column-wrapper fusion-flex-justify-content-flex-start fusion-content-layout-column\"><div class=\"fusion-image-element \" style=\"--awb-caption-title-font-family:var(--h2_typography-font-family);--awb-caption-title-font-weight:var(--h2_typography-font-weight);--awb-caption-title-font-style:var(--h2_typography-font-style);--awb-caption-title-size:var(--h2_typography-font-size);--awb-caption-title-transform:var(--h2_typography-text-transform);--awb-caption-title-line-height:var(--h2_typography-line-height);--awb-caption-title-letter-spacing:var(--h2_typography-letter-spacing);\"><span class=\" fusion-imageframe imageframe-none imageframe-1 hover-type-none\" class=\"image-magnify\" class=\"image-scroll\"><img decoding=\"async\" width=\"597\" height=\"134\" title=\"Datacol_Nuestros_Profesionales\" src=\"https:\/\/datacolchannel.es\/wp-content\/uploads\/2017\/07\/DatacolNews_G_Profession.png\" alt class=\"img-responsive wp-image-6580\" srcset=\"https:\/\/datacolchannel.es\/wp-content\/uploads\/2017\/07\/DatacolNews_G_Profession-200x45.png 200w, https:\/\/datacolchannel.es\/wp-content\/uploads\/2017\/07\/DatacolNews_G_Profession-400x90.png 400w, https:\/\/datacolchannel.es\/wp-content\/uploads\/2017\/07\/DatacolNews_G_Profession.png 597w\" sizes=\"(max-width: 640px) 100vw, 597px\" \/><\/span><\/div><\/div><\/div><div class=\"fusion-layout-column fusion_builder_column fusion-builder-column-2 fusion_builder_column_1_1 1_1 fusion-flex-column\" style=\"--awb-bg-size:cover;--awb-width-large:100%;--awb-margin-top-large:0px;--awb-spacing-right-large:1.92%;--awb-margin-bottom-large:20px;--awb-spacing-left-large:1.92%;--awb-width-medium:100%;--awb-spacing-right-medium:1.92%;--awb-spacing-left-medium:1.92%;--awb-width-small:100%;--awb-spacing-right-small:1.92%;--awb-spacing-left-small:1.92%;\"><div class=\"fusion-column-wrapper fusion-flex-justify-content-flex-start fusion-content-layout-column\"><div class=\"fusion-blog-shortcode fusion-blog-shortcode-1 fusion-blog-archive fusion-blog-layout-grid-wrapper fusion-blog-pagination\"><style type=\"text\/css\">.fusion-blog-shortcode-1 .fusion-blog-layout-grid .fusion-post-grid{padding:20px;}.fusion-blog-shortcode-1 .fusion-posts-container{margin-left: -20px !important; margin-right:-20px !important;}<\/style><div class=\"fusion-posts-container fusion-posts-container-pagination fusion-blog-rollover fusion-blog-layout-grid fusion-blog-layout-grid-3 isotope\" data-pages=\"3\" data-grid-col-space=\"40\" style=\"margin: -20px -20px 0;min-height:500px;\"><article id=\"blog-1-post-10456\" class=\"fusion-post-grid has-post-thumbnail post-10456 post type-post status-publish format-video hentry category-nossa-profissao category-sem-categoria category-sobre-colegas tag-automocion-pt-pt tag-datacol-pt-pt tag-motortec-pt-pt tag-motortec-2022-pt-pt tag-motortec-madrid-pt-pt tag-posventa-pt-pt tag-profesionales-pt-pt post_format-post-format-video\">\n<div class=\"fusion-post-wrapper\" style=\"background-color:rgba(255,255,255,0);border:1px solid #1d252d;border-bottom-width:3px;\">\n\n\t\t\t<div class=\"fusion-flexslider flexslider fusion-flexslider-loading fusion-post-slideshow\" style=\"border-color:#1d252d;\">\n\t\t<ul class=\"slides\">\n\t\t\t\t\t\t\t<li>\n\t\t\t\t\t<div class=\"full-video\"><iframe width=\"560\" height=\"315\" src=\"https:\/\/www.youtube.com\/embed\/1i06IaV-AdI\" title=\"YouTube video player\" frameborder=\"0\" allow=\"accelerometer; autoplay; clipboard-write; encrypted-media; gyroscope; picture-in-picture\" allowfullscreen=\"\"><\/iframe><\/div>\n\t\t\t\t<\/li>\n\t\t\t\n\t\t\t\t\t\t\t\t\t\t\t\t\t\t<li><div  class=\"fusion-image-wrapper\" aria-haspopup=\"true\">\n\t\t\t\t<img width=\"600\" height=\"450\" src=\"https:\/\/datacolchannel.es\/wp-content\/uploads\/2022\/07\/Entrevista-Maica-Seller-Trainer_.png\" class=\"attachment-full size-full wp-post-image\" alt=\"Entrevista Maica - Seller Trainer_\" decoding=\"async\" srcset=\"https:\/\/datacolchannel.es\/wp-content\/uploads\/2022\/07\/Entrevista-Maica-Seller-Trainer_-200x150.png 200w, https:\/\/datacolchannel.es\/wp-content\/uploads\/2022\/07\/Entrevista-Maica-Seller-Trainer_-400x300.png 400w, https:\/\/datacolchannel.es\/wp-content\/uploads\/2022\/07\/Entrevista-Maica-Seller-Trainer_.png 600w\" sizes=\"(min-width: 2200px) 100vw, (min-width: 784px) 549px, (min-width: 712px) 784px, (min-width: 640px) 712px, \" \/><div class=\"fusion-rollover\">\n\t<div class=\"fusion-rollover-content\">\n\n\t\t\t\t\t\t\t\t\t\t\t\t\t\t<a class=\"fusion-rollover-link\" href=\"https:\/\/datacolchannel.es\/pt-pt\/entrevista-alberto-dominguez-regional-industria-4\/\">Entrevista: Alberto Dom\u00ednguez &#8211; Regional Industria<\/a>\n\t\t\t\n\t\t\t\t\t\t\t\t\t\t\t\t\t\t\n\t\t\t\t\t\t\t\t\n\t\t\t\t\t\t\t\t\t\t\t\t\t<div class=\"fusion-rollover-sep\"><\/div>\n\t\t\t\t\n\t\t\t\t\t\t\t\t\t\t\t\t\t\t\t\t\t\t<a class=\"fusion-rollover-gallery\" href=\"https:\/\/datacolchannel.es\/wp-content\/uploads\/2022\/07\/Entrevista-Maica-Seller-Trainer_.png\" data-id=\"10456\" data-rel=\"iLightbox[gallery]\" data-title=\"Entrevista Maica - Seller Trainer_\" data-caption=\"\">\n\t\t\t\t\t\tGallery\t\t\t\t\t<\/a>\n\t\t\t\t\t\t\t\t\t\t\t\t\t\t\n\t\t\n\t\t\t\t\t\t\t\t\t\t\t\t<h4 class=\"fusion-rollover-title\">\n\t\t\t\t\t<a class=\"fusion-rollover-title-link\" href=\"https:\/\/datacolchannel.es\/pt-pt\/entrevista-alberto-dominguez-regional-industria-4\/\">\n\t\t\t\t\t\tEntrevista: Alberto Dom\u00ednguez &#8211; Regional Industria\t\t\t\t\t<\/a>\n\t\t\t\t<\/h4>\n\t\t\t\n\t\t\t\t\t\t\t\t\t\t<div class=\"fusion-rollover-categories\"><a href=\"https:\/\/datacolchannel.es\/pt-pt\/categoria\/nossa-profissao\/\" rel=\"tag\">NOSSA PROFISS\u00c3O<\/a>, <a href=\"https:\/\/datacolchannel.es\/pt-pt\/categoria\/sem-categoria\/\" rel=\"tag\">Sem categoria<\/a>, <a href=\"https:\/\/datacolchannel.es\/pt-pt\/categoria\/nossa-profissao\/sobre-colegas\/\" rel=\"tag\">Sobre colegas<\/a><\/div>\t\t\t\t\t\n\t\t\n\t\t\t\t\t\t<a class=\"fusion-link-wrapper\" href=\"https:\/\/datacolchannel.es\/pt-pt\/entrevista-alberto-dominguez-regional-industria-4\/\" aria-label=\"Entrevista: Alberto Dom\u00ednguez &#8211; Regional Industria\"><\/a>\n\t<\/div>\n<\/div>\n<\/div>\n<\/li>\n\t\t\t\n\t\t\t\n\t\t\t\t\t\t\t\t\t\t\t\t\t\t\t\t\t\t\t\t\t\t\t\t\t\t\t\t\t\t\t\t\t\t\t\t\t\t\t\t\t\t\t\t\t\t\t\t\t\t\t\t\t\t\t\t\t\t\t\t\t\t\t\t\t\t\t\t<\/ul>\n\t<\/div>\n\t<div class=\"fusion-post-content-wrapper\" style=\"padding:30px 25px 25px 25px;\"><div class=\"fusion-post-content post-content\"><h2 class=\"blog-shortcode-post-title entry-title\"><a href=\"https:\/\/datacolchannel.es\/pt-pt\/entrevista-alberto-dominguez-regional-industria-4\/\">Entrevista: Alberto Dom\u00ednguez &#8211; Regional Industria<\/a><\/h2><p class=\"fusion-single-line-meta\"><span class=\"vcard\" style=\"display: none;\"><span class=\"fn\"><a href=\"https:\/\/datacolchannel.es\/pt-pt\/author\/editor\/\" title=\"Artigos de Editor M\u00f3n Creaci\u00f3n\" rel=\"author\">Editor M\u00f3n Creaci\u00f3n<\/a><\/span><\/span><span class=\"updated\" style=\"display:none;\">2022-08-12T10:51:38+00:00<\/span>Categories: <a href=\"https:\/\/datacolchannel.es\/pt-pt\/categoria\/nossa-profissao\/\" rel=\"category tag\">NOSSA PROFISS\u00c3O<\/a>, <a href=\"https:\/\/datacolchannel.es\/pt-pt\/categoria\/sem-categoria\/\" rel=\"category tag\">Sem categoria<\/a>, <a href=\"https:\/\/datacolchannel.es\/pt-pt\/categoria\/nossa-profissao\/sobre-colegas\/\" rel=\"category tag\">Sobre colegas<\/a><span class=\"fusion-inline-sep\">|<\/span><span class=\"meta-tags\">Tags: <a href=\"https:\/\/datacolchannel.es\/pt-pt\/tag\/automocion-pt-pt\/\" rel=\"tag\">automoci\u00f3n<\/a>, <a href=\"https:\/\/datacolchannel.es\/pt-pt\/tag\/datacol-pt-pt\/\" rel=\"tag\">datacol<\/a>, <a href=\"https:\/\/datacolchannel.es\/pt-pt\/tag\/motortec-pt-pt\/\" rel=\"tag\">Motortec<\/a>, <a href=\"https:\/\/datacolchannel.es\/pt-pt\/tag\/motortec-2022-pt-pt\/\" rel=\"tag\">Motortec 2022<\/a>, <a href=\"https:\/\/datacolchannel.es\/pt-pt\/tag\/motortec-madrid-pt-pt\/\" rel=\"tag\">Motortec Madrid<\/a>, <a href=\"https:\/\/datacolchannel.es\/pt-pt\/tag\/posventa-pt-pt\/\" rel=\"tag\">posventa<\/a>, <a href=\"https:\/\/datacolchannel.es\/pt-pt\/tag\/profesionales-pt-pt\/\" rel=\"tag\">profesionales<\/a><\/span><span class=\"fusion-inline-sep\">|<\/span><\/p><div class=\"fusion-content-sep sep-double sep-solid\"><\/div><div class=\"fusion-post-content-container\"><p>Entrevista: Alberto Dom\u00ednguez - Regional Industria Esta semana en Datacol Channel entrevistamos a Alberto Dom\u00ednguez , Regional de la nueva divisi\u00f3n de industria. Presentaci\u00f3n. Alberto: Mi nombre es Alberto Dom\u00ednguez. Empec\u00e9 de muy jovencito en el mundo... En el sector del autom\u00f3vil y cuento con [...]<\/p><\/div><\/div><div class=\"fusion-meta-info\"><div class=\"fusion-alignleft\"><a class=\"fusion-read-more\" href=\"https:\/\/datacolchannel.es\/pt-pt\/entrevista-alberto-dominguez-regional-industria-4\/\" aria-label=\"More on Entrevista: Alberto Dom\u00ednguez &#8211; Regional Industria\">Read More<\/a><\/div><\/div><\/div><div class=\"fusion-clearfix\"><\/div><\/div>\n<\/article>\n<article id=\"blog-1-post-10219\" class=\"fusion-post-grid has-post-thumbnail post-10219 post type-post status-publish format-video hentry category-nossa-profissao category-sem-categoria category-sobre-colegas tag-automocion-pt-pt tag-datacol-pt-pt tag-motortec-pt-pt tag-motortec-2022-pt-pt tag-motortec-madrid-pt-pt tag-posventa-pt-pt tag-profesionales-pt-pt post_format-post-format-video\">\n<div class=\"fusion-post-wrapper\" style=\"background-color:rgba(255,255,255,0);border:1px solid #1d252d;border-bottom-width:3px;\">\n\n\t\t\t<div class=\"fusion-flexslider flexslider fusion-flexslider-loading fusion-post-slideshow\" style=\"border-color:#1d252d;\">\n\t\t<ul class=\"slides\">\n\t\t\t\t\t\t\t<li>\n\t\t\t\t\t<div class=\"full-video\"><iframe width=\"560\" height=\"315\" src=\"https:\/\/www.youtube.com\/embed\/1i06IaV-AdI\" title=\"YouTube video player\" frameborder=\"0\" allow=\"accelerometer; autoplay; clipboard-write; encrypted-media; gyroscope; picture-in-picture\" allowfullscreen=\"\"><\/iframe><\/div>\n\t\t\t\t<\/li>\n\t\t\t\n\t\t\t\t\t\t\t\t\t\t\t\t\t\t<li><div  class=\"fusion-image-wrapper\" aria-haspopup=\"true\">\n\t\t\t\t<img width=\"600\" height=\"450\" src=\"https:\/\/datacolchannel.es\/wp-content\/uploads\/2022\/07\/Entrevista-Tamara-Lopez-Comercial.png\" class=\"attachment-full size-full wp-post-image\" alt=\"Entreavista Tamara L\u00f3pez - Comercial\" decoding=\"async\" srcset=\"https:\/\/datacolchannel.es\/wp-content\/uploads\/2022\/07\/Entrevista-Tamara-Lopez-Comercial-200x150.png 200w, https:\/\/datacolchannel.es\/wp-content\/uploads\/2022\/07\/Entrevista-Tamara-Lopez-Comercial-400x300.png 400w, https:\/\/datacolchannel.es\/wp-content\/uploads\/2022\/07\/Entrevista-Tamara-Lopez-Comercial.png 600w\" sizes=\"(min-width: 2200px) 100vw, (min-width: 784px) 549px, (min-width: 712px) 784px, (min-width: 640px) 712px, \" \/><div class=\"fusion-rollover\">\n\t<div class=\"fusion-rollover-content\">\n\n\t\t\t\t\t\t\t\t\t\t\t\t\t\t<a class=\"fusion-rollover-link\" href=\"https:\/\/datacolchannel.es\/pt-pt\/entrevista-alberto-dominguez-regional-industria-2\/\">Entrevista: Alberto Dom\u00ednguez &#8211; Regional Industria<\/a>\n\t\t\t\n\t\t\t\t\t\t\t\t\t\t\t\t\t\t\n\t\t\t\t\t\t\t\t\n\t\t\t\t\t\t\t\t\t\t\t\t\t<div class=\"fusion-rollover-sep\"><\/div>\n\t\t\t\t\n\t\t\t\t\t\t\t\t\t\t\t\t\t\t\t\t\t\t<a class=\"fusion-rollover-gallery\" href=\"https:\/\/datacolchannel.es\/wp-content\/uploads\/2022\/07\/Entrevista-Tamara-Lopez-Comercial.png\" data-id=\"10219\" data-rel=\"iLightbox[gallery]\" data-title=\"Entrevista Tamara L\u00f3pez - Comercial\" data-caption=\"\">\n\t\t\t\t\t\tGallery\t\t\t\t\t<\/a>\n\t\t\t\t\t\t\t\t\t\t\t\t\t\t\n\t\t\n\t\t\t\t\t\t\t\t\t\t\t\t<h4 class=\"fusion-rollover-title\">\n\t\t\t\t\t<a class=\"fusion-rollover-title-link\" href=\"https:\/\/datacolchannel.es\/pt-pt\/entrevista-alberto-dominguez-regional-industria-2\/\">\n\t\t\t\t\t\tEntrevista: Alberto Dom\u00ednguez &#8211; Regional Industria\t\t\t\t\t<\/a>\n\t\t\t\t<\/h4>\n\t\t\t\n\t\t\t\t\t\t\t\t\t\t<div class=\"fusion-rollover-categories\"><a href=\"https:\/\/datacolchannel.es\/pt-pt\/categoria\/nossa-profissao\/\" rel=\"tag\">NOSSA PROFISS\u00c3O<\/a>, <a href=\"https:\/\/datacolchannel.es\/pt-pt\/categoria\/sem-categoria\/\" rel=\"tag\">Sem categoria<\/a>, <a href=\"https:\/\/datacolchannel.es\/pt-pt\/categoria\/nossa-profissao\/sobre-colegas\/\" rel=\"tag\">Sobre colegas<\/a><\/div>\t\t\t\t\t\n\t\t\n\t\t\t\t\t\t<a class=\"fusion-link-wrapper\" href=\"https:\/\/datacolchannel.es\/pt-pt\/entrevista-alberto-dominguez-regional-industria-2\/\" aria-label=\"Entrevista: Alberto Dom\u00ednguez &#8211; Regional Industria\"><\/a>\n\t<\/div>\n<\/div>\n<\/div>\n<\/li>\n\t\t\t\n\t\t\t\n\t\t\t\t\t\t\t\t\t\t\t\t\t\t\t\t\t\t\t\t\t\t\t\t\t\t\t\t\t\t\t\t\t\t\t\t\t\t\t\t\t\t\t\t\t\t\t\t\t\t\t\t\t\t\t\t\t\t\t\t\t\t\t\t\t\t\t\t<\/ul>\n\t<\/div>\n\t<div class=\"fusion-post-content-wrapper\" style=\"padding:30px 25px 25px 25px;\"><div class=\"fusion-post-content post-content\"><h2 class=\"blog-shortcode-post-title entry-title\"><a href=\"https:\/\/datacolchannel.es\/pt-pt\/entrevista-alberto-dominguez-regional-industria-2\/\">Entrevista: Alberto Dom\u00ednguez &#8211; Regional Industria<\/a><\/h2><p class=\"fusion-single-line-meta\"><span class=\"vcard\" style=\"display: none;\"><span class=\"fn\"><a href=\"https:\/\/datacolchannel.es\/pt-pt\/author\/datacol-hispania\/\" title=\"Artigos de Datacol Hispania\" rel=\"author\">Datacol Hispania<\/a><\/span><\/span><span class=\"updated\" style=\"display:none;\">2022-08-12T09:47:59+00:00<\/span>Categories: <a href=\"https:\/\/datacolchannel.es\/pt-pt\/categoria\/nossa-profissao\/\" rel=\"category tag\">NOSSA PROFISS\u00c3O<\/a>, <a href=\"https:\/\/datacolchannel.es\/pt-pt\/categoria\/sem-categoria\/\" rel=\"category tag\">Sem categoria<\/a>, <a href=\"https:\/\/datacolchannel.es\/pt-pt\/categoria\/nossa-profissao\/sobre-colegas\/\" rel=\"category tag\">Sobre colegas<\/a><span class=\"fusion-inline-sep\">|<\/span><span class=\"meta-tags\">Tags: <a href=\"https:\/\/datacolchannel.es\/pt-pt\/tag\/automocion-pt-pt\/\" rel=\"tag\">automoci\u00f3n<\/a>, <a href=\"https:\/\/datacolchannel.es\/pt-pt\/tag\/datacol-pt-pt\/\" rel=\"tag\">datacol<\/a>, <a href=\"https:\/\/datacolchannel.es\/pt-pt\/tag\/motortec-pt-pt\/\" rel=\"tag\">Motortec<\/a>, <a href=\"https:\/\/datacolchannel.es\/pt-pt\/tag\/motortec-2022-pt-pt\/\" rel=\"tag\">Motortec 2022<\/a>, <a href=\"https:\/\/datacolchannel.es\/pt-pt\/tag\/motortec-madrid-pt-pt\/\" rel=\"tag\">Motortec Madrid<\/a>, <a href=\"https:\/\/datacolchannel.es\/pt-pt\/tag\/posventa-pt-pt\/\" rel=\"tag\">posventa<\/a>, <a href=\"https:\/\/datacolchannel.es\/pt-pt\/tag\/profesionales-pt-pt\/\" rel=\"tag\">profesionales<\/a><\/span><span class=\"fusion-inline-sep\">|<\/span><\/p><div class=\"fusion-content-sep sep-double sep-solid\"><\/div><div class=\"fusion-post-content-container\"><p>Entrevista: Alberto Dom\u00ednguez - Regional Industria Esta semana en Datacol Channel entrevistamos a Alberto Dom\u00ednguez , Regional de la nueva divisi\u00f3n de industria. Presentaci\u00f3n. Alberto: Mi nombre es Alberto Dom\u00ednguez. Empec\u00e9 de muy jovencito en el mundo... En el sector del autom\u00f3vil y cuento con [...]<\/p><\/div><\/div><div class=\"fusion-meta-info\"><div class=\"fusion-alignleft\"><a class=\"fusion-read-more\" href=\"https:\/\/datacolchannel.es\/pt-pt\/entrevista-alberto-dominguez-regional-industria-2\/\" aria-label=\"More on Entrevista: Alberto Dom\u00ednguez &#8211; Regional Industria\">Read More<\/a><\/div><\/div><\/div><div class=\"fusion-clearfix\"><\/div><\/div>\n<\/article>\n<article id=\"blog-1-post-10214\" class=\"fusion-post-grid has-post-thumbnail post-10214 post type-post status-publish format-video hentry category-nossa-profissao category-sem-categoria category-sobre-colegas tag-automocion-pt-pt tag-datacol-pt-pt tag-motortec-pt-pt tag-motortec-2022-pt-pt tag-motortec-madrid-pt-pt tag-posventa-pt-pt tag-profesionales-pt-pt post_format-post-format-video\">\n<div class=\"fusion-post-wrapper\" style=\"background-color:rgba(255,255,255,0);border:1px solid #1d252d;border-bottom-width:3px;\">\n\n\t\t\t<div class=\"fusion-flexslider flexslider fusion-flexslider-loading fusion-post-slideshow\" style=\"border-color:#1d252d;\">\n\t\t<ul class=\"slides\">\n\t\t\t\t\t\t\t<li>\n\t\t\t\t\t<div class=\"full-video\"><iframe width=\"560\" height=\"315\" src=\"https:\/\/www.youtube.com\/embed\/qpputBDEBmI\" title=\"YouTube video player\" frameborder=\"0\" allow=\"accelerometer; autoplay; clipboard-write; encrypted-media; gyroscope; picture-in-picture\" allowfullscreen=\"\"><\/iframe><\/div>\n\t\t\t\t<\/li>\n\t\t\t\n\t\t\t\t\t\t\t\t\t\t\t\t\t\t<li><div  class=\"fusion-image-wrapper\" aria-haspopup=\"true\">\n\t\t\t\t<img width=\"600\" height=\"450\" src=\"https:\/\/datacolchannel.es\/wp-content\/uploads\/2022\/07\/Entrevista-Mario-Galvez-SAM.png\" class=\"attachment-full size-full wp-post-image\" alt=\"Entrevista Mario G\u00e1lvez - SAM\" decoding=\"async\" srcset=\"https:\/\/datacolchannel.es\/wp-content\/uploads\/2022\/07\/Entrevista-Mario-Galvez-SAM-200x150.png 200w, https:\/\/datacolchannel.es\/wp-content\/uploads\/2022\/07\/Entrevista-Mario-Galvez-SAM-400x300.png 400w, https:\/\/datacolchannel.es\/wp-content\/uploads\/2022\/07\/Entrevista-Mario-Galvez-SAM.png 600w\" sizes=\"(min-width: 2200px) 100vw, (min-width: 784px) 549px, (min-width: 712px) 784px, (min-width: 640px) 712px, \" \/><div class=\"fusion-rollover\">\n\t<div class=\"fusion-rollover-content\">\n\n\t\t\t\t\t\t\t\t\t\t\t\t\t\t<a class=\"fusion-rollover-link\" href=\"https:\/\/datacolchannel.es\/pt-pt\/entrevista-alberto-dominguez-regional-industria-3\/\">Entrevista: Mario G\u00e1lvez &#8211; SAM<\/a>\n\t\t\t\n\t\t\t\t\t\t\t\t\t\t\t\t\t\t\n\t\t\t\t\t\t\t\t\n\t\t\t\t\t\t\t\t\t\t\t\t\t<div class=\"fusion-rollover-sep\"><\/div>\n\t\t\t\t\n\t\t\t\t\t\t\t\t\t\t\t\t\t\t\t\t\t\t<a class=\"fusion-rollover-gallery\" href=\"https:\/\/datacolchannel.es\/wp-content\/uploads\/2022\/07\/Entrevista-Mario-Galvez-SAM.png\" data-id=\"10214\" data-rel=\"iLightbox[gallery]\" data-title=\"Entrevista Mario G\u00e1lvez - SAM\" data-caption=\"\">\n\t\t\t\t\t\tGallery\t\t\t\t\t<\/a>\n\t\t\t\t\t\t\t\t\t\t\t\t\t\t\n\t\t\n\t\t\t\t\t\t\t\t\t\t\t\t<h4 class=\"fusion-rollover-title\">\n\t\t\t\t\t<a class=\"fusion-rollover-title-link\" href=\"https:\/\/datacolchannel.es\/pt-pt\/entrevista-alberto-dominguez-regional-industria-3\/\">\n\t\t\t\t\t\tEntrevista: Mario G\u00e1lvez &#8211; SAM\t\t\t\t\t<\/a>\n\t\t\t\t<\/h4>\n\t\t\t\n\t\t\t\t\t\t\t\t\t\t<div class=\"fusion-rollover-categories\"><a href=\"https:\/\/datacolchannel.es\/pt-pt\/categoria\/nossa-profissao\/\" rel=\"tag\">NOSSA PROFISS\u00c3O<\/a>, <a href=\"https:\/\/datacolchannel.es\/pt-pt\/categoria\/sem-categoria\/\" rel=\"tag\">Sem categoria<\/a>, <a href=\"https:\/\/datacolchannel.es\/pt-pt\/categoria\/nossa-profissao\/sobre-colegas\/\" rel=\"tag\">Sobre colegas<\/a><\/div>\t\t\t\t\t\n\t\t\n\t\t\t\t\t\t<a class=\"fusion-link-wrapper\" href=\"https:\/\/datacolchannel.es\/pt-pt\/entrevista-alberto-dominguez-regional-industria-3\/\" aria-label=\"Entrevista: Mario G\u00e1lvez &#8211; SAM\"><\/a>\n\t<\/div>\n<\/div>\n<\/div>\n<\/li>\n\t\t\t\n\t\t\t\n\t\t\t\t\t\t\t\t\t\t\t\t\t\t\t\t\t\t\t\t\t\t\t\t\t\t\t\t\t\t\t\t\t\t\t\t\t\t\t\t\t\t\t\t\t\t\t\t\t\t\t\t\t\t\t\t\t\t\t\t\t\t\t\t\t\t\t\t<\/ul>\n\t<\/div>\n\t<div class=\"fusion-post-content-wrapper\" style=\"padding:30px 25px 25px 25px;\"><div class=\"fusion-post-content post-content\"><h2 class=\"blog-shortcode-post-title entry-title\"><a href=\"https:\/\/datacolchannel.es\/pt-pt\/entrevista-alberto-dominguez-regional-industria-3\/\">Entrevista: Mario G\u00e1lvez &#8211; SAM<\/a><\/h2><p class=\"fusion-single-line-meta\"><span class=\"vcard\" style=\"display: none;\"><span class=\"fn\"><a href=\"https:\/\/datacolchannel.es\/pt-pt\/author\/datacol-hispania\/\" title=\"Artigos de Datacol Hispania\" rel=\"author\">Datacol Hispania<\/a><\/span><\/span><span class=\"updated\" style=\"display:none;\">2022-08-12T11:16:41+00:00<\/span>Categories: <a href=\"https:\/\/datacolchannel.es\/pt-pt\/categoria\/nossa-profissao\/\" rel=\"category tag\">NOSSA PROFISS\u00c3O<\/a>, <a href=\"https:\/\/datacolchannel.es\/pt-pt\/categoria\/sem-categoria\/\" rel=\"category tag\">Sem categoria<\/a>, <a href=\"https:\/\/datacolchannel.es\/pt-pt\/categoria\/nossa-profissao\/sobre-colegas\/\" rel=\"category tag\">Sobre colegas<\/a><span class=\"fusion-inline-sep\">|<\/span><span class=\"meta-tags\">Tags: <a href=\"https:\/\/datacolchannel.es\/pt-pt\/tag\/automocion-pt-pt\/\" rel=\"tag\">automoci\u00f3n<\/a>, <a href=\"https:\/\/datacolchannel.es\/pt-pt\/tag\/datacol-pt-pt\/\" rel=\"tag\">datacol<\/a>, <a href=\"https:\/\/datacolchannel.es\/pt-pt\/tag\/motortec-pt-pt\/\" rel=\"tag\">Motortec<\/a>, <a href=\"https:\/\/datacolchannel.es\/pt-pt\/tag\/motortec-2022-pt-pt\/\" rel=\"tag\">Motortec 2022<\/a>, <a href=\"https:\/\/datacolchannel.es\/pt-pt\/tag\/motortec-madrid-pt-pt\/\" rel=\"tag\">Motortec Madrid<\/a>, <a href=\"https:\/\/datacolchannel.es\/pt-pt\/tag\/posventa-pt-pt\/\" rel=\"tag\">posventa<\/a>, <a href=\"https:\/\/datacolchannel.es\/pt-pt\/tag\/profesionales-pt-pt\/\" rel=\"tag\">profesionales<\/a><\/span><span class=\"fusion-inline-sep\">|<\/span><\/p><div class=\"fusion-content-sep sep-double sep-solid\"><\/div><div class=\"fusion-post-content-container\"><p>Entrevista: Mario G\u00e1lvez - SAM Esta semana, no Datacol Channel, entrevistamos o Mario G\u00e1lvez - SAM em Extremadura e Salamanca Apresenta\u00e7\u00e3o. Mario: Sou Mario G\u00e1lvez, chefe de zona, da Extremadura e de Salamanca. Pergunta. Mario: H\u00e1 seis anos, comecei como vendedor, vinha de outra empresa [...]<\/p><\/div><\/div><div class=\"fusion-meta-info\"><div class=\"fusion-alignleft\"><a class=\"fusion-read-more\" href=\"https:\/\/datacolchannel.es\/pt-pt\/entrevista-alberto-dominguez-regional-industria-3\/\" aria-label=\"More on Entrevista: Mario G\u00e1lvez &#8211; SAM\">Read More<\/a><\/div><\/div><\/div><div class=\"fusion-clearfix\"><\/div><\/div>\n<\/article>\n<article id=\"blog-1-post-10098\" class=\"fusion-post-grid has-post-thumbnail post-10098 post type-post status-publish format-video hentry category-nossa-profissao category-sem-categoria category-sobre-colegas tag-automocion-pt-pt tag-datacol-pt-pt tag-motortec-pt-pt tag-motortec-2022-pt-pt tag-motortec-madrid-pt-pt tag-posventa-pt-pt tag-profesionales-pt-pt post_format-post-format-video\">\n<div class=\"fusion-post-wrapper\" style=\"background-color:rgba(255,255,255,0);border:1px solid #1d252d;border-bottom-width:3px;\">\n\n\t\t\t<div class=\"fusion-flexslider flexslider fusion-flexslider-loading fusion-post-slideshow\" style=\"border-color:#1d252d;\">\n\t\t<ul class=\"slides\">\n\t\t\t\t\t\t\t<li>\n\t\t\t\t\t<div class=\"full-video\"><iframe width=\"560\" height=\"315\" src=\"https:\/\/www.youtube.com\/embed\/1i06IaV-AdI\" title=\"YouTube video player\" frameborder=\"0\" allow=\"accelerometer; autoplay; clipboard-write; encrypted-media; gyroscope; picture-in-picture\" allowfullscreen=\"\"><\/iframe><\/div>\n\t\t\t\t<\/li>\n\t\t\t\n\t\t\t\t\t\t\t\t\t\t\t\t\t\t<li><div  class=\"fusion-image-wrapper\" aria-haspopup=\"true\">\n\t\t\t\t<img width=\"600\" height=\"450\" src=\"https:\/\/datacolchannel.es\/wp-content\/uploads\/2022\/06\/Alberto-Dominguez-Regional-Industria.png\" class=\"attachment-full size-full wp-post-image\" alt=\"Alberto Dom\u00ednguez - Regional Industria\" decoding=\"async\" srcset=\"https:\/\/datacolchannel.es\/wp-content\/uploads\/2022\/06\/Alberto-Dominguez-Regional-Industria-200x150.png 200w, https:\/\/datacolchannel.es\/wp-content\/uploads\/2022\/06\/Alberto-Dominguez-Regional-Industria-400x300.png 400w, https:\/\/datacolchannel.es\/wp-content\/uploads\/2022\/06\/Alberto-Dominguez-Regional-Industria.png 600w\" sizes=\"(min-width: 2200px) 100vw, (min-width: 784px) 549px, (min-width: 712px) 784px, (min-width: 640px) 712px, \" \/><div class=\"fusion-rollover\">\n\t<div class=\"fusion-rollover-content\">\n\n\t\t\t\t\t\t\t\t\t\t\t\t\t\t<a class=\"fusion-rollover-link\" href=\"https:\/\/datacolchannel.es\/pt-pt\/entrevista-alberto-dominguez-regional-industria\/\">Entrevista: Alberto Dom\u00ednguez &#8211; Regional Industria<\/a>\n\t\t\t\n\t\t\t\t\t\t\t\t\t\t\t\t\t\t\n\t\t\t\t\t\t\t\t\n\t\t\t\t\t\t\t\t\t\t\t\t\t<div class=\"fusion-rollover-sep\"><\/div>\n\t\t\t\t\n\t\t\t\t\t\t\t\t\t\t\t\t\t\t\t\t\t\t<a class=\"fusion-rollover-gallery\" href=\"https:\/\/datacolchannel.es\/wp-content\/uploads\/2022\/06\/Alberto-Dominguez-Regional-Industria.png\" data-id=\"10098\" data-rel=\"iLightbox[gallery]\" data-title=\"Alberto Dom\u00ednguez - Regional Industria\" data-caption=\"\">\n\t\t\t\t\t\tGallery\t\t\t\t\t<\/a>\n\t\t\t\t\t\t\t\t\t\t\t\t\t\t\n\t\t\n\t\t\t\t\t\t\t\t\t\t\t\t<h4 class=\"fusion-rollover-title\">\n\t\t\t\t\t<a class=\"fusion-rollover-title-link\" href=\"https:\/\/datacolchannel.es\/pt-pt\/entrevista-alberto-dominguez-regional-industria\/\">\n\t\t\t\t\t\tEntrevista: Alberto Dom\u00ednguez &#8211; Regional Industria\t\t\t\t\t<\/a>\n\t\t\t\t<\/h4>\n\t\t\t\n\t\t\t\t\t\t\t\t\t\t<div class=\"fusion-rollover-categories\"><a href=\"https:\/\/datacolchannel.es\/pt-pt\/categoria\/nossa-profissao\/\" rel=\"tag\">NOSSA PROFISS\u00c3O<\/a>, <a href=\"https:\/\/datacolchannel.es\/pt-pt\/categoria\/sem-categoria\/\" rel=\"tag\">Sem categoria<\/a>, <a href=\"https:\/\/datacolchannel.es\/pt-pt\/categoria\/nossa-profissao\/sobre-colegas\/\" rel=\"tag\">Sobre colegas<\/a><\/div>\t\t\t\t\t\n\t\t\n\t\t\t\t\t\t<a class=\"fusion-link-wrapper\" href=\"https:\/\/datacolchannel.es\/pt-pt\/entrevista-alberto-dominguez-regional-industria\/\" aria-label=\"Entrevista: Alberto Dom\u00ednguez &#8211; Regional Industria\"><\/a>\n\t<\/div>\n<\/div>\n<\/div>\n<\/li>\n\t\t\t\n\t\t\t\n\t\t\t\t\t\t\t\t\t\t\t\t\t\t\t\t\t\t\t\t\t\t\t\t\t\t\t\t\t\t\t\t\t\t\t\t\t\t\t\t\t\t\t\t\t\t\t\t\t\t\t\t\t\t\t\t\t\t\t\t\t\t\t\t\t\t\t\t<\/ul>\n\t<\/div>\n\t<div class=\"fusion-post-content-wrapper\" style=\"padding:30px 25px 25px 25px;\"><div class=\"fusion-post-content post-content\"><h2 class=\"blog-shortcode-post-title entry-title\"><a href=\"https:\/\/datacolchannel.es\/pt-pt\/entrevista-alberto-dominguez-regional-industria\/\">Entrevista: Alberto Dom\u00ednguez &#8211; Regional Industria<\/a><\/h2><p class=\"fusion-single-line-meta\"><span class=\"vcard\" style=\"display: none;\"><span class=\"fn\"><a href=\"https:\/\/datacolchannel.es\/pt-pt\/author\/editor\/\" title=\"Artigos de Editor M\u00f3n Creaci\u00f3n\" rel=\"author\">Editor M\u00f3n Creaci\u00f3n<\/a><\/span><\/span><span class=\"updated\" style=\"display:none;\">2022-07-01T07:44:52+00:00<\/span>Categories: <a href=\"https:\/\/datacolchannel.es\/pt-pt\/categoria\/nossa-profissao\/\" rel=\"category tag\">NOSSA PROFISS\u00c3O<\/a>, <a href=\"https:\/\/datacolchannel.es\/pt-pt\/categoria\/sem-categoria\/\" rel=\"category tag\">Sem categoria<\/a>, <a href=\"https:\/\/datacolchannel.es\/pt-pt\/categoria\/nossa-profissao\/sobre-colegas\/\" rel=\"category tag\">Sobre colegas<\/a><span class=\"fusion-inline-sep\">|<\/span><span class=\"meta-tags\">Tags: <a href=\"https:\/\/datacolchannel.es\/pt-pt\/tag\/automocion-pt-pt\/\" rel=\"tag\">automoci\u00f3n<\/a>, <a href=\"https:\/\/datacolchannel.es\/pt-pt\/tag\/datacol-pt-pt\/\" rel=\"tag\">datacol<\/a>, <a href=\"https:\/\/datacolchannel.es\/pt-pt\/tag\/motortec-pt-pt\/\" rel=\"tag\">Motortec<\/a>, <a href=\"https:\/\/datacolchannel.es\/pt-pt\/tag\/motortec-2022-pt-pt\/\" rel=\"tag\">Motortec 2022<\/a>, <a href=\"https:\/\/datacolchannel.es\/pt-pt\/tag\/motortec-madrid-pt-pt\/\" rel=\"tag\">Motortec Madrid<\/a>, <a href=\"https:\/\/datacolchannel.es\/pt-pt\/tag\/posventa-pt-pt\/\" rel=\"tag\">posventa<\/a>, <a href=\"https:\/\/datacolchannel.es\/pt-pt\/tag\/profesionales-pt-pt\/\" rel=\"tag\">profesionales<\/a><\/span><span class=\"fusion-inline-sep\">|<\/span><\/p><div class=\"fusion-content-sep sep-double sep-solid\"><\/div><div class=\"fusion-post-content-container\"><p>Entrevista: Alberto Dom\u00ednguez - Regional Industria Esta semana en Datacol Channel entrevistamos a Alberto Dom\u00ednguez , Regional de la nueva divisi\u00f3n de industria. Presentaci\u00f3n. Alberto: Mi nombre es Alberto Dom\u00ednguez. Empec\u00e9 de muy jovencito en el mundo... En el sector del autom\u00f3vil y cuento con [...]<\/p><\/div><\/div><div class=\"fusion-meta-info\"><div class=\"fusion-alignleft\"><a class=\"fusion-read-more\" href=\"https:\/\/datacolchannel.es\/pt-pt\/entrevista-alberto-dominguez-regional-industria\/\" aria-label=\"More on Entrevista: Alberto Dom\u00ednguez &#8211; Regional Industria\">Read More<\/a><\/div><\/div><\/div><div class=\"fusion-clearfix\"><\/div><\/div>\n<\/article>\n<article id=\"blog-1-post-10444\" class=\"fusion-post-grid has-post-thumbnail post-10444 post type-post status-publish format-video hentry category-nossa-profissao category-sobre-colegas tag-calidad-pt-pt tag-colega tag-datacol-pt-pt tag-entrevista-pt-pt tag-profesionales-pt-pt post_format-post-format-video\">\n<div class=\"fusion-post-wrapper\" style=\"background-color:rgba(255,255,255,0);border:1px solid #1d252d;border-bottom-width:3px;\">\n\n\t\t\t<div class=\"fusion-flexslider flexslider fusion-flexslider-loading fusion-post-slideshow\" style=\"border-color:#1d252d;\">\n\t\t<ul class=\"slides\">\n\t\t\t\t\t\t\t<li>\n\t\t\t\t\t<div class=\"full-video\"><iframe width=\"1280\" height=\"720\" src=\"https:\/\/www.youtube.com\/embed\/OmqUpKG1LJY\" frameborder=\"0\" allow=\"accelerometer; autoplay; encrypted-media; gyroscope; picture-in-picture\" allowfullscreen=\"\"><\/iframe><\/div>\n\t\t\t\t<\/li>\n\t\t\t\n\t\t\t\t\t\t\n\t\t\t\n\t\t\t\t\t\t\t\t\t\t\t\t\t\t\t\t\t\t\t\t\t\t\t\t\t\t\t\t\t\t\t\t\t\t\t\t\t\t\t\t\t\t\t\t\t\t\t\t\t\t\t\t\t\t\t\t\t\t\t\t\t\t\t\t\t\t\t\t<\/ul>\n\t<\/div>\n\t<div class=\"fusion-post-content-wrapper\" style=\"padding:30px 25px 25px 25px;\"><div class=\"fusion-post-content post-content\"><h2 class=\"blog-shortcode-post-title entry-title\"><a href=\"https:\/\/datacolchannel.es\/pt-pt\/rafael-sanchez-temos-uma-rede-de-vendas-que-e-de-se-tirar-o-chapeu\/\">Rafael S\u00e1nchez &#8220;Temos uma rede de vendas que \u00e9 de se tirar o chap\u00e9u&#8221;<\/a><\/h2><p class=\"fusion-single-line-meta\"><span class=\"vcard\" style=\"display: none;\"><span class=\"fn\"><a href=\"https:\/\/datacolchannel.es\/pt-pt\/author\/channeladmin\/\" title=\"Artigos de channeladmin\" rel=\"author\">channeladmin<\/a><\/span><\/span><span class=\"updated\" style=\"display:none;\">2018-12-19T16:34:37+00:00<\/span>Categories: <a href=\"https:\/\/datacolchannel.es\/pt-pt\/categoria\/nossa-profissao\/\" rel=\"category tag\">NOSSA PROFISS\u00c3O<\/a>, <a href=\"https:\/\/datacolchannel.es\/pt-pt\/categoria\/nossa-profissao\/sobre-colegas\/\" rel=\"category tag\">Sobre colegas<\/a><span class=\"fusion-inline-sep\">|<\/span><span class=\"meta-tags\">Tags: <a href=\"https:\/\/datacolchannel.es\/pt-pt\/tag\/calidad-pt-pt\/\" rel=\"tag\">Calidad<\/a>, <a href=\"https:\/\/datacolchannel.es\/pt-pt\/tag\/colega\/\" rel=\"tag\">colega<\/a>, <a href=\"https:\/\/datacolchannel.es\/pt-pt\/tag\/datacol-pt-pt\/\" rel=\"tag\">datacol<\/a>, <a href=\"https:\/\/datacolchannel.es\/pt-pt\/tag\/entrevista-pt-pt\/\" rel=\"tag\">entrevista<\/a>, <a href=\"https:\/\/datacolchannel.es\/pt-pt\/tag\/profesionales-pt-pt\/\" rel=\"tag\">profesionales<\/a><\/span><span class=\"fusion-inline-sep\">|<\/span><\/p><div class=\"fusion-content-sep sep-double sep-solid\"><\/div><div class=\"fusion-post-content-container\"><p>Entrevista a nosso colega Rafael S\u00e1nchez, encarregado do servi\u00e7o de p\u00f3s-venda. Est\u00e1 h\u00e1 27 anos no sector Autom\u00f3vel, 17 anos no T\u00e9cnico e 10 anos na Datacol. Com a Datacol tudo mudou para melhor. \u00a0 Mais informa\u00e7\u00e3o em: Datacol Channel E se voc\u00ea quiser algum [...]<\/p><\/div><\/div><div class=\"fusion-meta-info\"><div class=\"fusion-alignleft\"><a class=\"fusion-read-more\" href=\"https:\/\/datacolchannel.es\/pt-pt\/rafael-sanchez-temos-uma-rede-de-vendas-que-e-de-se-tirar-o-chapeu\/\" aria-label=\"More on Rafael S\u00e1nchez &#8220;Temos uma rede de vendas que \u00e9 de se tirar o chap\u00e9u&#8221;\">Read More<\/a><\/div><\/div><\/div><div class=\"fusion-clearfix\"><\/div><\/div>\n<\/article>\n<article id=\"blog-1-post-10896\" class=\"fusion-post-grid has-post-thumbnail post-10896 post type-post status-publish format-video hentry category-nossa-profissao category-sobre-colegas tag-calidad-pt-pt tag-colegas tag-datacol-pt-pt tag-entrevista-pt-pt tag-equipa tag-formacao tag-logistica-pt-pt tag-profesionales-pt-pt tag-reparacoes post_format-post-format-video\">\n<div class=\"fusion-post-wrapper\" style=\"background-color:rgba(255,255,255,0);border:1px solid #1d252d;border-bottom-width:3px;\">\n\n\t\t\t<div class=\"fusion-flexslider flexslider fusion-flexslider-loading fusion-post-slideshow\" style=\"border-color:#1d252d;\">\n\t\t<ul class=\"slides\">\n\t\t\t\t\t\t\t<li>\n\t\t\t\t\t<div class=\"full-video\"><iframe width=\"1280\" height=\"720\" src=\"https:\/\/www.youtube.com\/embed\/4nEFCGu_KbE\" frameborder=\"0\" allow=\"accelerometer; autoplay; encrypted-media; gyroscope; picture-in-picture\" allowfullscreen=\"\"><\/iframe><\/div>\n\t\t\t\t<\/li>\n\t\t\t\n\t\t\t\t\t\t\n\t\t\t\n\t\t\t\t\t\t\t\t\t\t\t\t\t\t\t\t\t\t\t\t\t\t\t\t\t\t\t\t\t\t\t\t\t\t\t\t\t\t\t\t\t\t\t\t\t\t\t\t\t\t\t\t\t\t\t\t\t\t\t\t\t\t\t\t\t\t\t\t<\/ul>\n\t<\/div>\n\t<div class=\"fusion-post-content-wrapper\" style=\"padding:30px 25px 25px 25px;\"><div class=\"fusion-post-content post-content\"><h2 class=\"blog-shortcode-post-title entry-title\"><a href=\"https:\/\/datacolchannel.es\/pt-pt\/diego-valero-o-cliente-ficara-mais-satisfeito-de-acordo-com-nossa-capacidade-de-resposta\/\">Diego Valero &#8220;O cliente ficar\u00e1 mais satisfeito de acordo com nossa capacidade de resposta&#8221;<\/a><\/h2><p class=\"fusion-single-line-meta\"><span class=\"vcard\" style=\"display: none;\"><span class=\"fn\"><a href=\"https:\/\/datacolchannel.es\/pt-pt\/author\/channeladmin\/\" title=\"Artigos de channeladmin\" rel=\"author\">channeladmin<\/a><\/span><\/span><span class=\"updated\" style=\"display:none;\">2018-12-12T17:40:37+00:00<\/span>Categories: <a href=\"https:\/\/datacolchannel.es\/pt-pt\/categoria\/nossa-profissao\/\" rel=\"category tag\">NOSSA PROFISS\u00c3O<\/a>, <a href=\"https:\/\/datacolchannel.es\/pt-pt\/categoria\/nossa-profissao\/sobre-colegas\/\" rel=\"category tag\">Sobre colegas<\/a><span class=\"fusion-inline-sep\">|<\/span><span class=\"meta-tags\">Tags: <a href=\"https:\/\/datacolchannel.es\/pt-pt\/tag\/calidad-pt-pt\/\" rel=\"tag\">Calidad<\/a>, <a href=\"https:\/\/datacolchannel.es\/pt-pt\/tag\/colegas\/\" rel=\"tag\">Colegas<\/a>, <a href=\"https:\/\/datacolchannel.es\/pt-pt\/tag\/datacol-pt-pt\/\" rel=\"tag\">datacol<\/a>, <a href=\"https:\/\/datacolchannel.es\/pt-pt\/tag\/entrevista-pt-pt\/\" rel=\"tag\">entrevista<\/a>, <a href=\"https:\/\/datacolchannel.es\/pt-pt\/tag\/equipa\/\" rel=\"tag\">equipa<\/a>, <a href=\"https:\/\/datacolchannel.es\/pt-pt\/tag\/formacao\/\" rel=\"tag\">forma\u00e7\u00e3o<\/a>, <a href=\"https:\/\/datacolchannel.es\/pt-pt\/tag\/logistica-pt-pt\/\" rel=\"tag\">log\u00edstica<\/a>, <a href=\"https:\/\/datacolchannel.es\/pt-pt\/tag\/profesionales-pt-pt\/\" rel=\"tag\">profesionales<\/a>, <a href=\"https:\/\/datacolchannel.es\/pt-pt\/tag\/reparacoes\/\" rel=\"tag\">repara\u00e7\u00f5es<\/a><\/span><span class=\"fusion-inline-sep\">|<\/span><\/p><div class=\"fusion-content-sep sep-double sep-solid\"><\/div><div class=\"fusion-post-content-container\"><p>Entrevista com nosso colega Diego Valero, do departamento de log\u00edstica e tamb\u00e9m respns\u00e1vel pelo servi\u00e7o de P\u00f3s-Venda. Seu trabalho consiste em solucionar problemas. \u00a0 Mais informa\u00e7\u00e3o em: Datacol Channel E se voc\u00ea quiser algum produto, poder\u00e1 encontr\u00e1-lo em: Energy Project \u00a0<\/p><\/div><\/div><div class=\"fusion-meta-info\"><div class=\"fusion-alignleft\"><a class=\"fusion-read-more\" href=\"https:\/\/datacolchannel.es\/pt-pt\/diego-valero-o-cliente-ficara-mais-satisfeito-de-acordo-com-nossa-capacidade-de-resposta\/\" aria-label=\"More on Diego Valero &#8220;O cliente ficar\u00e1 mais satisfeito de acordo com nossa capacidade de resposta&#8221;\">Read More<\/a><\/div><\/div><\/div><div class=\"fusion-clearfix\"><\/div><\/div>\n<\/article>\n<div class=\"fusion-clearfix\"><\/div><\/div><div class=\"pagination clearfix\"><span class=\"current\">1<\/span><a href=\"https:\/\/datacolchannel.es\/pt-pt\/wp-json\/wp\/v2\/pages\/10013\/page\/2\/\" class=\"inactive\">2<\/a><a class=\"pagination-next\" rel=\"next\" href=\"https:\/\/datacolchannel.es\/pt-pt\/wp-json\/wp\/v2\/pages\/10013\/page\/2\/\"><span class=\"page-text\">Next<\/span><span class=\"page-next\"><\/span><\/a><\/div><div class=\"fusion-clearfix\"><\/div><\/div><\/div><\/div><div class=\"fusion-layout-column fusion_builder_column fusion-builder-column-3 fusion_builder_column_1_1 1_1 fusion-flex-column\" style=\"--awb-bg-size:cover;--awb-width-large:100%;--awb-margin-top-large:0px;--awb-spacing-right-large:1.92%;--awb-margin-bottom-large:20px;--awb-spacing-left-large:1.92%;--awb-width-medium:100%;--awb-spacing-right-medium:1.92%;--awb-spacing-left-medium:1.92%;--awb-width-small:100%;--awb-spacing-right-small:1.92%;--awb-spacing-left-small:1.92%;\"><div class=\"fusion-column-wrapper fusion-flex-justify-content-flex-start fusion-content-layout-column\"><div class=\"fusion-separator\" style=\"align-self: flex-end;margin-left:auto;margin-top:50px;margin-bottom:20px;width:100%;max-width:50%;\"><div class=\"fusion-separator-border sep-single sep-solid\" style=\"--awb-height:20px;--awb-amount:20px;--awb-sep-color:#b11a33;border-color:#b11a33;border-top-width:3px;\"><\/div><\/div><\/div><\/div><div class=\"fusion-layout-column fusion_builder_column fusion-builder-column-4 fusion_builder_column_2_3 2_3 fusion-flex-column\" style=\"--awb-bg-size:cover;--awb-width-large:66.666666666667%;--awb-margin-top-large:0px;--awb-spacing-right-large:2.88%;--awb-margin-bottom-large:20px;--awb-spacing-left-large:2.88%;--awb-width-medium:66.666666666667%;--awb-spacing-right-medium:2.88%;--awb-spacing-left-medium:2.88%;--awb-width-small:100%;--awb-spacing-right-small:1.92%;--awb-spacing-left-small:1.92%;\"><div class=\"fusion-column-wrapper fusion-flex-justify-content-flex-start fusion-content-layout-column\"><\/div><\/div><div class=\"fusion-layout-column fusion_builder_column fusion-builder-column-5 fusion_builder_column_1_3 1_3 fusion-flex-column\" style=\"--awb-bg-size:cover;--awb-width-large:33.333333333333%;--awb-margin-top-large:0px;--awb-spacing-right-large:5.76%;--awb-margin-bottom-large:20px;--awb-spacing-left-large:3.8399999999999%;--awb-width-medium:33.333333333333%;--awb-spacing-right-medium:5.76%;--awb-spacing-left-medium:3.8399999999999%;--awb-width-small:100%;--awb-spacing-right-small:1.92%;--awb-spacing-left-small:1.92%;\"><div class=\"fusion-column-wrapper fusion-flex-justify-content-flex-start fusion-content-layout-column\"><div class=\"fusion-image-element \" style=\"--awb-caption-title-font-family:var(--h2_typography-font-family);--awb-caption-title-font-weight:var(--h2_typography-font-weight);--awb-caption-title-font-style:var(--h2_typography-font-style);--awb-caption-title-size:var(--h2_typography-font-size);--awb-caption-title-transform:var(--h2_typography-text-transform);--awb-caption-title-line-height:var(--h2_typography-line-height);--awb-caption-title-letter-spacing:var(--h2_typography-letter-spacing);\"><span class=\" fusion-imageframe imageframe-none imageframe-2 hover-type-none\" class=\"image-magnify\" class=\"image-scroll\"><img decoding=\"async\" width=\"596\" height=\"133\" title=\"Datacol-Nuestros-Profesionales\" src=\"https:\/\/datacolchannel.es\/wp-content\/uploads\/2017\/07\/DatacolNews_-12.png\" alt class=\"img-responsive wp-image-6572\" srcset=\"https:\/\/datacolchannel.es\/wp-content\/uploads\/2017\/07\/DatacolNews_-12-200x45.png 200w, https:\/\/datacolchannel.es\/wp-content\/uploads\/2017\/07\/DatacolNews_-12-400x89.png 400w, https:\/\/datacolchannel.es\/wp-content\/uploads\/2017\/07\/DatacolNews_-12.png 596w\" sizes=\"(max-width: 640px) 100vw, 596px\" \/><\/span><\/div><\/div><\/div><\/div><\/div>\n","protected":false},"excerpt":{"rendered":"","protected":false},"author":1,"featured_media":0,"parent":0,"menu_order":0,"comment_status":"closed","ping_status":"closed","template":"","meta":[],"yoast_head":"<!-- This site is optimized with the Yoast SEO plugin v20.12 - https:\/\/yoast.com\/wordpress\/plugins\/seo\/ -->\n<title>Sobre nossos Colegas | DATACOL CHANNEL<\/title>\n<meta name=\"robots\" content=\"index, follow, max-snippet:-1, max-image-preview:large, max-video-preview:-1\" \/>\n<link rel=\"canonical\" href=\"https:\/\/datacolchannel.es\/pt-pt\/sobre-nossos-colegas\/\" \/>\n<meta property=\"og:locale\" content=\"pt_PT\" \/>\n<meta property=\"og:type\" content=\"article\" \/>\n<meta property=\"og:title\" content=\"Sobre nossos Colegas | DATACOL CHANNEL\" \/>\n<meta property=\"og:url\" content=\"https:\/\/datacolchannel.es\/pt-pt\/sobre-nossos-colegas\/\" \/>\n<meta property=\"og:site_name\" content=\"DATACOL CHANNEL\" \/>\n<meta property=\"article:modified_time\" content=\"2022-07-02T05:51:21+00:00\" \/>\n<meta name=\"twitter:card\" content=\"summary_large_image\" \/>\n<meta name=\"twitter:label1\" content=\"Tempo estimado de leitura\" \/>\n\t<meta name=\"twitter:data1\" content=\"2 minutos\" \/>\n<script type=\"application\/ld+json\" class=\"yoast-schema-graph\">{\"@context\":\"https:\/\/schema.org\",\"@graph\":[{\"@type\":\"WebPage\",\"@id\":\"https:\/\/datacolchannel.es\/pt-pt\/sobre-nossos-colegas\/\",\"url\":\"https:\/\/datacolchannel.es\/pt-pt\/sobre-nossos-colegas\/\",\"name\":\"Sobre nossos Colegas | DATACOL CHANNEL\",\"isPartOf\":{\"@id\":\"https:\/\/datacolchannel.es\/#website\"},\"datePublished\":\"2017-07-03T15:26:24+00:00\",\"dateModified\":\"2022-07-02T05:51:21+00:00\",\"breadcrumb\":{\"@id\":\"https:\/\/datacolchannel.es\/pt-pt\/sobre-nossos-colegas\/#breadcrumb\"},\"inLanguage\":\"pt-PT\",\"potentialAction\":[{\"@type\":\"ReadAction\",\"target\":[\"https:\/\/datacolchannel.es\/pt-pt\/sobre-nossos-colegas\/\"]}]},{\"@type\":\"BreadcrumbList\",\"@id\":\"https:\/\/datacolchannel.es\/pt-pt\/sobre-nossos-colegas\/#breadcrumb\",\"itemListElement\":[{\"@type\":\"ListItem\",\"position\":1,\"name\":\"Portada\",\"item\":\"https:\/\/datacolchannel.es\/pt-pt\/\"},{\"@type\":\"ListItem\",\"position\":2,\"name\":\"Sobre nossos Colegas\"}]},{\"@type\":\"WebSite\",\"@id\":\"https:\/\/datacolchannel.es\/#website\",\"url\":\"https:\/\/datacolchannel.es\/\",\"name\":\"DATACOL CHANNEL\",\"description\":\"Informaci&oacute;n de la actualidad y el producto DATACOL\",\"publisher\":{\"@id\":\"https:\/\/datacolchannel.es\/#organization\"},\"potentialAction\":[{\"@type\":\"SearchAction\",\"target\":{\"@type\":\"EntryPoint\",\"urlTemplate\":\"https:\/\/datacolchannel.es\/?s={search_term_string}\"},\"query-input\":\"required name=search_term_string\"}],\"inLanguage\":\"pt-PT\"},{\"@type\":\"Organization\",\"@id\":\"https:\/\/datacolchannel.es\/#organization\",\"name\":\"DATACOL CHANNEL\",\"url\":\"https:\/\/datacolchannel.es\/\",\"logo\":{\"@type\":\"ImageObject\",\"inLanguage\":\"pt-PT\",\"@id\":\"https:\/\/datacolchannel.es\/#\/schema\/logo\/image\/\",\"url\":\"https:\/\/datacolchannel.es\/wp-content\/uploads\/2017\/05\/INFO_2D_DATACOL_LOGOTIPO_200x102px.png\",\"contentUrl\":\"https:\/\/datacolchannel.es\/wp-content\/uploads\/2017\/05\/INFO_2D_DATACOL_LOGOTIPO_200x102px.png\",\"width\":200,\"height\":102,\"caption\":\"DATACOL CHANNEL\"},\"image\":{\"@id\":\"https:\/\/datacolchannel.es\/#\/schema\/logo\/image\/\"}}]}<\/script>\n<!-- \/ Yoast SEO plugin. -->","yoast_head_json":{"title":"Sobre nossos Colegas | DATACOL CHANNEL","robots":{"index":"index","follow":"follow","max-snippet":"max-snippet:-1","max-image-preview":"max-image-preview:large","max-video-preview":"max-video-preview:-1"},"canonical":"https:\/\/datacolchannel.es\/pt-pt\/sobre-nossos-colegas\/","og_locale":"pt_PT","og_type":"article","og_title":"Sobre nossos Colegas | DATACOL CHANNEL","og_url":"https:\/\/datacolchannel.es\/pt-pt\/sobre-nossos-colegas\/","og_site_name":"DATACOL CHANNEL","article_modified_time":"2022-07-02T05:51:21+00:00","twitter_card":"summary_large_image","twitter_misc":{"Tempo estimado de leitura":"2 minutos"},"schema":{"@context":"https:\/\/schema.org","@graph":[{"@type":"WebPage","@id":"https:\/\/datacolchannel.es\/pt-pt\/sobre-nossos-colegas\/","url":"https:\/\/datacolchannel.es\/pt-pt\/sobre-nossos-colegas\/","name":"Sobre nossos Colegas | DATACOL CHANNEL","isPartOf":{"@id":"https:\/\/datacolchannel.es\/#website"},"datePublished":"2017-07-03T15:26:24+00:00","dateModified":"2022-07-02T05:51:21+00:00","breadcrumb":{"@id":"https:\/\/datacolchannel.es\/pt-pt\/sobre-nossos-colegas\/#breadcrumb"},"inLanguage":"pt-PT","potentialAction":[{"@type":"ReadAction","target":["https:\/\/datacolchannel.es\/pt-pt\/sobre-nossos-colegas\/"]}]},{"@type":"BreadcrumbList","@id":"https:\/\/datacolchannel.es\/pt-pt\/sobre-nossos-colegas\/#breadcrumb","itemListElement":[{"@type":"ListItem","position":1,"name":"Portada","item":"https:\/\/datacolchannel.es\/pt-pt\/"},{"@type":"ListItem","position":2,"name":"Sobre nossos Colegas"}]},{"@type":"WebSite","@id":"https:\/\/datacolchannel.es\/#website","url":"https:\/\/datacolchannel.es\/","name":"DATACOL CHANNEL","description":"Informaci&oacute;n de la actualidad y el producto DATACOL","publisher":{"@id":"https:\/\/datacolchannel.es\/#organization"},"potentialAction":[{"@type":"SearchAction","target":{"@type":"EntryPoint","urlTemplate":"https:\/\/datacolchannel.es\/?s={search_term_string}"},"query-input":"required name=search_term_string"}],"inLanguage":"pt-PT"},{"@type":"Organization","@id":"https:\/\/datacolchannel.es\/#organization","name":"DATACOL CHANNEL","url":"https:\/\/datacolchannel.es\/","logo":{"@type":"ImageObject","inLanguage":"pt-PT","@id":"https:\/\/datacolchannel.es\/#\/schema\/logo\/image\/","url":"https:\/\/datacolchannel.es\/wp-content\/uploads\/2017\/05\/INFO_2D_DATACOL_LOGOTIPO_200x102px.png","contentUrl":"https:\/\/datacolchannel.es\/wp-content\/uploads\/2017\/05\/INFO_2D_DATACOL_LOGOTIPO_200x102px.png","width":200,"height":102,"caption":"DATACOL CHANNEL"},"image":{"@id":"https:\/\/datacolchannel.es\/#\/schema\/logo\/image\/"}}]}},"_links":{"self":[{"href":"https:\/\/datacolchannel.es\/pt-pt\/wp-json\/wp\/v2\/pages\/10013"}],"collection":[{"href":"https:\/\/datacolchannel.es\/pt-pt\/wp-json\/wp\/v2\/pages"}],"about":[{"href":"https:\/\/datacolchannel.es\/pt-pt\/wp-json\/wp\/v2\/types\/page"}],"author":[{"embeddable":true,"href":"https:\/\/datacolchannel.es\/pt-pt\/wp-json\/wp\/v2\/users\/1"}],"replies":[{"embeddable":true,"href":"https:\/\/datacolchannel.es\/pt-pt\/wp-json\/wp\/v2\/comments?post=10013"}],"version-history":[{"count":0,"href":"https:\/\/datacolchannel.es\/pt-pt\/wp-json\/wp\/v2\/pages\/10013\/revisions"}],"wp:attachment":[{"href":"https:\/\/datacolchannel.es\/pt-pt\/wp-json\/wp\/v2\/media?parent=10013"}],"curies":[{"name":"wp","href":"https:\/\/api.w.org\/{rel}","templated":true}]}}